{"id":16,"date":"2017-08-10T12:30:34","date_gmt":"2017-08-10T10:30:34","guid":{"rendered":"http:\/\/autoecolesabine.com\/?page_id=16"},"modified":"2019-03-20T23:04:05","modified_gmt":"2019-03-20T22:04:05","slug":"contact","status":"publish","type":"page","link":"https:\/\/autoecolesabine.com\/index.php\/contact\/","title":{"rendered":"Contact et r\u00e9clamations"},"content":{"rendered":"<div id=\"WRchTxt6\" class=\"txtNew\" data-reactid=\".0.$SITE_ROOT.$desktop_siteRoot.$PAGES_CONTAINER.$centeredContent.$inlineContent.$SITE_PAGES.$c24vq_DESKTOP.$inlineContent.$WRchTxt6\">\n<h2 class=\"font_8\" style=\"text-align: center;\"><strong>Coordonn\u00e9es<br \/>\n<\/strong><\/h2>\n<p class=\"font_8\"><strong>Vous pouvez nous contactez par t\u00e9l\u00e9phone au 04 67 15 51 65 ou par le formulaire de contact ci-dessous.<\/strong><\/p>\n<p class=\"font_8\"><strong>Nous vous r\u00e9pondrons dans les meilleurs d\u00e9lais.<\/strong><\/p>\n<p class=\"font_8\"><strong>Vous pouvez aussi venir \u00e0 notre bureau pendant <a href=\"http:\/\/autoecolesabine.com\/\">nos horaires d&rsquo;ouverture<\/a>. Nous sommes situ\u00e9s au 1 all\u00e9e de la libert\u00e9 &#8211; \u00ab\u00a0La Borni\u00e8re\u00a0\u00bb 34570 PIGNAN.<br \/>\n<\/strong><div role=\"form\" class=\"wpcf7\" id=\"wpcf7-f18-o1\" lang=\"fr-FR\" dir=\"ltr\">\n<div class=\"screen-reader-response\"><\/div>\n<form action=\"\/index.php\/wp-json\/wp\/v2\/pages\/16#wpcf7-f18-o1\" method=\"post\" class=\"wpcf7-form\" novalidate=\"novalidate\">\n<div style=\"display: none;\">\n<input type=\"hidden\" name=\"_wpcf7\" value=\"18\" \/>\n<input type=\"hidden\" name=\"_wpcf7_version\" value=\"5.1.1\" \/>\n<input type=\"hidden\" name=\"_wpcf7_locale\" value=\"fr_FR\" \/>\n<input type=\"hidden\" name=\"_wpcf7_unit_tag\" value=\"wpcf7-f18-o1\" \/>\n<input type=\"hidden\" name=\"_wpcf7_container_post\" value=\"0\" \/>\n<input type=\"hidden\" name=\"g-recaptcha-response\" value=\"\" \/>\n<\/div>\n<p><label> Votre nom (obligatoire)<br \/>\n    <span class=\"wpcf7-form-control-wrap your-name\"><input type=\"text\" name=\"your-name\" value=\"\" size=\"40\" class=\"wpcf7-form-control wpcf7-text wpcf7-validates-as-required\" aria-required=\"true\" aria-invalid=\"false\" \/><\/span> <\/label><\/p>\n<p><label> Votre e-mail (obligatoire)<br \/>\n    <span class=\"wpcf7-form-control-wrap your-email\"><input type=\"email\" name=\"your-email\" value=\"\" size=\"40\" class=\"wpcf7-form-control wpcf7-text wpcf7-email wpcf7-validates-as-required wpcf7-validates-as-email\" aria-required=\"true\" aria-invalid=\"false\" \/><\/span> <\/label><\/p>\n<p><label> Sujet<br \/>\n    <span class=\"wpcf7-form-control-wrap your-subject\"><input type=\"text\" name=\"your-subject\" value=\"\" size=\"40\" class=\"wpcf7-form-control wpcf7-text\" aria-invalid=\"false\" \/><\/span> <\/label><\/p>\n<p><label> Votre message<br \/>\n    <span class=\"wpcf7-form-control-wrap your-message\"><textarea name=\"your-message\" cols=\"40\" rows=\"10\" class=\"wpcf7-form-control wpcf7-textarea\" aria-invalid=\"false\"><\/textarea><\/span> <\/label><\/p>\n<p><input type=\"submit\" value=\"Envoyer\" class=\"wpcf7-form-control wpcf7-submit\" \/><\/p>\n<div class=\"wpcf7-response-output wpcf7-display-none\"><\/div><\/form><\/div><\/p>\n<\/div>\n<p>&nbsp;<\/p>\n<p>M\u00e9diation en cas de litige :<\/p>\n<p>M.Mauriac Paul <strong>CNPA<br \/>\n<\/strong>50 rue Rouget de lisle<br \/>\n92158 SURESNES Cedex<\/p>\n<p><a href=\"http:\/\/www.mediateur-cnpa.fr\">www.mediateur-cnpa.fr<\/a><\/p>\n<div id=\"themify_builder_content-16\" data-postid=\"16\" class=\"themify_builder_content themify_builder_content-16 themify_builder\">\n\n    <\/div>\n<!-- \/themify_builder_content -->","protected":false},"excerpt":{"rendered":"<p>Coordonn\u00e9es Vous pouvez nous contactez par t\u00e9l\u00e9phone au 04 67 15 51 65 ou par le formulaire de contact ci-dessous. Nous vous r\u00e9pondrons dans les meilleurs d\u00e9lais. Vous pouvez aussi venir \u00e0 notre bureau pendant nos horaires d&rsquo;ouverture. Nous sommes situ\u00e9s au 1 all\u00e9e de la libert\u00e9 &#8211; \u00ab\u00a0La Borni\u00e8re\u00a0\u00bb 34570 PIGNAN. &nbsp; M\u00e9diation en [&hellip;]<\/p>\n","protected":false},"author":1,"featured_media":0,"parent":0,"menu_order":0,"comment_status":"open","ping_status":"closed","template":"","meta":[],"_links":{"self":[{"href":"https:\/\/autoecolesabine.com\/index.php\/wp-json\/wp\/v2\/pages\/16"}],"collection":[{"href":"https:\/\/autoecolesabine.com\/index.php\/wp-json\/wp\/v2\/pages"}],"about":[{"href":"https:\/\/autoecolesabine.com\/index.php\/wp-json\/wp\/v2\/types\/page"}],"author":[{"embeddable":true,"href":"https:\/\/autoecolesabine.com\/index.php\/wp-json\/wp\/v2\/users\/1"}],"replies":[{"embeddable":true,"href":"https:\/\/autoecolesabine.com\/index.php\/wp-json\/wp\/v2\/comments?post=16"}],"version-history":[{"count":20,"href":"https:\/\/autoecolesabine.com\/index.php\/wp-json\/wp\/v2\/pages\/16\/revisions"}],"predecessor-version":[{"id":159,"href":"https:\/\/autoecolesabine.com\/index.php\/wp-json\/wp\/v2\/pages\/16\/revisions\/159"}],"wp:attachment":[{"href":"https:\/\/autoecolesabine.com\/index.php\/wp-json\/wp\/v2\/media?parent=16"}],"curies":[{"name":"wp","href":"https:\/\/api.w.org\/{rel}","templated":true}]}}